{"id":437,"date":"2021-12-02T15:38:15","date_gmt":"2021-12-02T14:38:15","guid":{"rendered":"https:\/\/blogg.nord.no\/ellil\/?page_id=437"},"modified":"2022-11-22T13:56:27","modified_gmt":"2022-11-22T12:56:27","slug":"in-norway","status":"publish","type":"page","link":"https:\/\/site.nord.no\/ellil\/participating-schools\/in-norway\/","title":{"rendered":"Participating Schools in Norway"},"content":{"rendered":"<h4><strong>Bod\u00f8, Norway: Bankgata Middle School<\/strong><\/h4>\n<p><strong><img fetchpriority=\"high\" decoding=\"async\" class=\"alignnone wp-image-427\" src=\"https:\/\/site.nord.no\/ellil\/wp-content\/uploads\/sites\/19\/2021\/11\/bankgata-Bilde1.jpg\" alt=\"\" width=\"525\" height=\"212\" \/><br \/>\n<\/strong><em>Bankgata ungdomsskole. (photo: Tove Tj\u00f8nn\u00f8y)\u00a0<\/em><\/p>\n<p>Bankgata Middle School is the oldest school in Bod\u00f8 and is situated in the city center. As such, it combines the traditional concept of spacious hallways and classrooms with modern teaching practice. The school teaches eighth through tenth grade and receives students from two different primary schools. There are approximately 300 students at the school, spread across the three grade levels. Diversity is a big part of the school&#8217;s everyday life, as it receives all new arrivals to the city from other countries and teaches introductory Norwegian.<\/p>\n<p>Bankgata Middle School is a learning organization where knowledge, multiculturalism and creativeness are key elements. The first impression is often made by exploring the corridors and seeing all the wonderful student art that decorate our interior.<\/p>\n<p><img decoding=\"async\" class=\"alignnone wp-image-428\" src=\"https:\/\/site.nord.no\/ellil\/wp-content\/uploads\/sites\/19\/2021\/11\/bankgata-Bilde2.png\" alt=\"\" width=\"525\" height=\"397\" \/><br \/>\n<em>Student art in the school corridors. (photo: Tove Tj\u00f8nn\u00f8y)\u00a0<\/em><\/p>\n<p><img decoding=\"async\" class=\"alignnone wp-image-430 size-full\" src=\"https:\/\/site.nord.no\/ellil\/wp-content\/uploads\/sites\/19\/2021\/11\/bankgata-dobbel-Bilde3.png\" alt=\"\" width=\"293\" height=\"325\" \/> <img loading=\"lazy\" decoding=\"async\" class=\"alignnone size-full wp-image-431\" src=\"https:\/\/site.nord.no\/ellil\/wp-content\/uploads\/sites\/19\/2021\/11\/bankgata-dobbel-Bilde4.png\" alt=\"\" width=\"227\" height=\"326\" \/><br \/>\n<em>More of the student artwork. (photo: Tove Tj\u00f8nn\u00f8y)\u00a0<\/em><\/p>\n<p>The school&#8217;s staff is proud to be a part of Bankgata, and are very happy to have become a university school, which helps us continue to grow as an organization.<\/p>\n<p><img loading=\"lazy\" decoding=\"async\" class=\"alignnone wp-image-429\" src=\"https:\/\/site.nord.no\/ellil\/wp-content\/uploads\/sites\/19\/2021\/11\/bankgata-Bilde5.jpg\" alt=\"\" width=\"525\" height=\"333\" \/><br \/>\n<em>From the left: The school&#8217;s principal Even \u00c5gnes, English teachers Katrine Lekang Eiterjord and Remi Antonsen, Vice principal Ruta Andreassen. (photo: Tove Tj\u00f8nn\u00f8y)<\/em><\/p>\n<h4><strong>Bod\u00f8, Norway: Tverlandet School<\/strong><\/h4>\n<p>Tverlandet School is a new school which is situated in Tverlandet, 18 kilometers from Bod\u00f8. The school was completed in August 2019. At this time the old L\u00f8ding School (grade 1-4) and the old Tverlandet School (grade 5-10) were merged into one school housing 578 students and 80 employees. At the new Tverlandet School every grade has its own department with its own entrance. The students are placed in two or three classes depending on the number of students in the grade.<\/p>\n<figure id=\"attachment_390\" aria-describedby=\"caption-attachment-390\" style=\"width: 744px\" class=\"wp-caption alignnone\"><img loading=\"lazy\" decoding=\"async\" class=\"wp-image-390\" src=\"https:\/\/site.nord.no\/ellil\/wp-content\/uploads\/sites\/19\/2020\/11\/Nye-Tverlandet-skole-BDK-07517_1920-Foto_Aleksander_Ramberg.jpg\" alt=\"\" width=\"744\" height=\"496\" srcset=\"https:\/\/site.nord.no\/ellil\/wp-content\/uploads\/sites\/19\/2020\/11\/Nye-Tverlandet-skole-BDK-07517_1920-Foto_Aleksander_Ramberg.jpg 1920w, https:\/\/site.nord.no\/ellil\/wp-content\/uploads\/sites\/19\/2020\/11\/Nye-Tverlandet-skole-BDK-07517_1920-Foto_Aleksander_Ramberg-300x200.jpg 300w, https:\/\/site.nord.no\/ellil\/wp-content\/uploads\/sites\/19\/2020\/11\/Nye-Tverlandet-skole-BDK-07517_1920-Foto_Aleksander_Ramberg-1024x683.jpg 1024w, https:\/\/site.nord.no\/ellil\/wp-content\/uploads\/sites\/19\/2020\/11\/Nye-Tverlandet-skole-BDK-07517_1920-Foto_Aleksander_Ramberg-768x512.jpg 768w, https:\/\/site.nord.no\/ellil\/wp-content\/uploads\/sites\/19\/2020\/11\/Nye-Tverlandet-skole-BDK-07517_1920-Foto_Aleksander_Ramberg-1536x1024.jpg 1536w\" sizes=\"(max-width: 744px) 100vw, 744px\" \/><figcaption id=\"caption-attachment-390\" class=\"wp-caption-text\"><em>Tverlandet skole. (photo: Aleksander Ramberg, Bod\u00f8 kommune)<\/em><\/figcaption><\/figure>\n<figure id=\"attachment_389\" aria-describedby=\"caption-attachment-389\" style=\"width: 744px\" class=\"wp-caption alignnone\"><img loading=\"lazy\" decoding=\"async\" class=\"wp-image-389\" src=\"https:\/\/site.nord.no\/ellil\/wp-content\/uploads\/sites\/19\/2020\/11\/Nye-Tverlandet-skole-BDK-07535_1920-Foto_Aleksander_Ramberg.jpg\" alt=\"\" width=\"744\" height=\"496\" srcset=\"https:\/\/site.nord.no\/ellil\/wp-content\/uploads\/sites\/19\/2020\/11\/Nye-Tverlandet-skole-BDK-07535_1920-Foto_Aleksander_Ramberg.jpg 1920w, https:\/\/site.nord.no\/ellil\/wp-content\/uploads\/sites\/19\/2020\/11\/Nye-Tverlandet-skole-BDK-07535_1920-Foto_Aleksander_Ramberg-300x200.jpg 300w, https:\/\/site.nord.no\/ellil\/wp-content\/uploads\/sites\/19\/2020\/11\/Nye-Tverlandet-skole-BDK-07535_1920-Foto_Aleksander_Ramberg-1024x683.jpg 1024w, https:\/\/site.nord.no\/ellil\/wp-content\/uploads\/sites\/19\/2020\/11\/Nye-Tverlandet-skole-BDK-07535_1920-Foto_Aleksander_Ramberg-768x512.jpg 768w, https:\/\/site.nord.no\/ellil\/wp-content\/uploads\/sites\/19\/2020\/11\/Nye-Tverlandet-skole-BDK-07535_1920-Foto_Aleksander_Ramberg-1536x1024.jpg 1536w\" sizes=\"(max-width: 744px) 100vw, 744px\" \/><figcaption id=\"caption-attachment-389\" class=\"wp-caption-text\"><em>The school has a lot of light and open spaces. (photo: Aleksander Ramberg, Bod\u00f8 kommune)<\/em><\/figcaption><\/figure>\n<p><strong>The school\u2019s vision is <em>Green, alive and active \u2013 we create the future together.<\/em><\/strong><\/p>\n<p><strong>Green<\/strong>: We will all make responsible and ethical decisions and be environmentally conscious. Our actions and choices are important. We will protect life on earth both locally, regionally and globally.<\/p>\n<p><strong>Alive<\/strong>: We value different talents and qualities. We will be dynamic, creative and bold.<\/p>\n<p><strong>Active<\/strong>: The students will be active in the learning process. They will be challenged cognitively and physically, preferably at the same time.<\/p>\n<p>Physical activities should be integrated in the teaching in order to increase the students\u2019 pulse and making the teaching less abstract, connecting the learning material with specific practical tasks.<\/p>\n<figure id=\"attachment_392\" aria-describedby=\"caption-attachment-392\" style=\"width: 744px\" class=\"wp-caption alignnone\"><img loading=\"lazy\" decoding=\"async\" class=\"wp-image-392\" style=\"font-style: inherit;font-weight: bold\" src=\"https:\/\/site.nord.no\/ellil\/wp-content\/uploads\/sites\/19\/2020\/11\/Nye-Tverlandet-skole-BDK-07488_1920-Foto_Aleksander_Ramberg.jpg\" alt=\"\" width=\"744\" height=\"496\" srcset=\"https:\/\/site.nord.no\/ellil\/wp-content\/uploads\/sites\/19\/2020\/11\/Nye-Tverlandet-skole-BDK-07488_1920-Foto_Aleksander_Ramberg.jpg 1920w, https:\/\/site.nord.no\/ellil\/wp-content\/uploads\/sites\/19\/2020\/11\/Nye-Tverlandet-skole-BDK-07488_1920-Foto_Aleksander_Ramberg-300x200.jpg 300w, https:\/\/site.nord.no\/ellil\/wp-content\/uploads\/sites\/19\/2020\/11\/Nye-Tverlandet-skole-BDK-07488_1920-Foto_Aleksander_Ramberg-1024x683.jpg 1024w, https:\/\/site.nord.no\/ellil\/wp-content\/uploads\/sites\/19\/2020\/11\/Nye-Tverlandet-skole-BDK-07488_1920-Foto_Aleksander_Ramberg-768x512.jpg 768w, https:\/\/site.nord.no\/ellil\/wp-content\/uploads\/sites\/19\/2020\/11\/Nye-Tverlandet-skole-BDK-07488_1920-Foto_Aleksander_Ramberg-1536x1024.jpg 1536w\" sizes=\"(max-width: 744px) 100vw, 744px\" \/><figcaption id=\"caption-attachment-392\" class=\"wp-caption-text\"><em>Main entrance and the auditorium. (photo: Aleksander Ramberg, Bod\u00f8 kommune)<\/em><\/figcaption><\/figure>\n<figure id=\"attachment_391\" aria-describedby=\"caption-attachment-391\" style=\"width: 789px\" class=\"wp-caption alignnone\"><img loading=\"lazy\" decoding=\"async\" class=\"wp-image-391\" src=\"https:\/\/site.nord.no\/ellil\/wp-content\/uploads\/sites\/19\/2020\/11\/Nye-Tverlandet-skole-BDK-07504_1920-Foto_Aleksander_Ramberg.jpg\" alt=\"\" width=\"789\" height=\"526\" srcset=\"https:\/\/site.nord.no\/ellil\/wp-content\/uploads\/sites\/19\/2020\/11\/Nye-Tverlandet-skole-BDK-07504_1920-Foto_Aleksander_Ramberg.jpg 1920w, https:\/\/site.nord.no\/ellil\/wp-content\/uploads\/sites\/19\/2020\/11\/Nye-Tverlandet-skole-BDK-07504_1920-Foto_Aleksander_Ramberg-300x200.jpg 300w, https:\/\/site.nord.no\/ellil\/wp-content\/uploads\/sites\/19\/2020\/11\/Nye-Tverlandet-skole-BDK-07504_1920-Foto_Aleksander_Ramberg-1024x683.jpg 1024w, https:\/\/site.nord.no\/ellil\/wp-content\/uploads\/sites\/19\/2020\/11\/Nye-Tverlandet-skole-BDK-07504_1920-Foto_Aleksander_Ramberg-768x512.jpg 768w, https:\/\/site.nord.no\/ellil\/wp-content\/uploads\/sites\/19\/2020\/11\/Nye-Tverlandet-skole-BDK-07504_1920-Foto_Aleksander_Ramberg-1536x1024.jpg 1536w\" sizes=\"(max-width: 789px) 100vw, 789px\" \/><figcaption id=\"caption-attachment-391\" class=\"wp-caption-text\"><em>The facilities are state of the art. (photo: Aleksander Ramberg, Bod\u00f8 kommune)<\/em><\/figcaption><\/figure>\n<figure id=\"attachment_378\" aria-describedby=\"caption-attachment-378\" style=\"width: 600px\" class=\"wp-caption alignnone\"><img loading=\"lazy\" decoding=\"async\" class=\"wp-image-378\" src=\"https:\/\/site.nord.no\/ellil\/wp-content\/uploads\/sites\/19\/2020\/11\/Principal-Anne-Grethe-Mathisen-Dolvik-of-Tverlandet-Primary-School-Bodo-photo-Per-Jarl-Elle-Nord-University-1120-ed-scaled.jpg\" alt=\"\" width=\"600\" height=\"442\" srcset=\"https:\/\/site.nord.no\/ellil\/wp-content\/uploads\/sites\/19\/2020\/11\/Principal-Anne-Grethe-Mathisen-Dolvik-of-Tverlandet-Primary-School-Bodo-photo-Per-Jarl-Elle-Nord-University-1120-ed-scaled.jpg 2560w, https:\/\/site.nord.no\/ellil\/wp-content\/uploads\/sites\/19\/2020\/11\/Principal-Anne-Grethe-Mathisen-Dolvik-of-Tverlandet-Primary-School-Bodo-photo-Per-Jarl-Elle-Nord-University-1120-ed-300x221.jpg 300w, https:\/\/site.nord.no\/ellil\/wp-content\/uploads\/sites\/19\/2020\/11\/Principal-Anne-Grethe-Mathisen-Dolvik-of-Tverlandet-Primary-School-Bodo-photo-Per-Jarl-Elle-Nord-University-1120-ed-1024x755.jpg 1024w, https:\/\/site.nord.no\/ellil\/wp-content\/uploads\/sites\/19\/2020\/11\/Principal-Anne-Grethe-Mathisen-Dolvik-of-Tverlandet-Primary-School-Bodo-photo-Per-Jarl-Elle-Nord-University-1120-ed-768x566.jpg 768w, https:\/\/site.nord.no\/ellil\/wp-content\/uploads\/sites\/19\/2020\/11\/Principal-Anne-Grethe-Mathisen-Dolvik-of-Tverlandet-Primary-School-Bodo-photo-Per-Jarl-Elle-Nord-University-1120-ed-1536x1132.jpg 1536w, https:\/\/site.nord.no\/ellil\/wp-content\/uploads\/sites\/19\/2020\/11\/Principal-Anne-Grethe-Mathisen-Dolvik-of-Tverlandet-Primary-School-Bodo-photo-Per-Jarl-Elle-Nord-University-1120-ed-2048x1509.jpg 2048w\" sizes=\"(max-width: 600px) 100vw, 600px\" \/><figcaption id=\"caption-attachment-378\" class=\"wp-caption-text\"><em>Anne-Grethe Mathisen D\u00f8lvik, principal of Tverlandet skole welcomes ELLiL-students from Bishop&#8217;s University to the school. (photo: Per Jarl Elle, Nord University)<\/em><\/figcaption><\/figure>\n<figure id=\"attachment_381\" aria-describedby=\"caption-attachment-381\" style=\"width: 600px\" class=\"wp-caption alignnone\"><img loading=\"lazy\" decoding=\"async\" class=\"wp-image-381\" src=\"https:\/\/site.nord.no\/ellil\/wp-content\/uploads\/sites\/19\/2020\/11\/English-Teachers-Tverlandet-Primary-School-Bodo-l-r-Hakon-Ree-Tone-Brattli-Anniken-Aune-Silje-Rostad-Martine-Kongshaug-scaled.jpg\" alt=\"\" width=\"600\" height=\"370\" srcset=\"https:\/\/site.nord.no\/ellil\/wp-content\/uploads\/sites\/19\/2020\/11\/English-Teachers-Tverlandet-Primary-School-Bodo-l-r-Hakon-Ree-Tone-Brattli-Anniken-Aune-Silje-Rostad-Martine-Kongshaug-scaled.jpg 2560w, https:\/\/site.nord.no\/ellil\/wp-content\/uploads\/sites\/19\/2020\/11\/English-Teachers-Tverlandet-Primary-School-Bodo-l-r-Hakon-Ree-Tone-Brattli-Anniken-Aune-Silje-Rostad-Martine-Kongshaug-300x185.jpg 300w, https:\/\/site.nord.no\/ellil\/wp-content\/uploads\/sites\/19\/2020\/11\/English-Teachers-Tverlandet-Primary-School-Bodo-l-r-Hakon-Ree-Tone-Brattli-Anniken-Aune-Silje-Rostad-Martine-Kongshaug-1024x631.jpg 1024w, https:\/\/site.nord.no\/ellil\/wp-content\/uploads\/sites\/19\/2020\/11\/English-Teachers-Tverlandet-Primary-School-Bodo-l-r-Hakon-Ree-Tone-Brattli-Anniken-Aune-Silje-Rostad-Martine-Kongshaug-768x473.jpg 768w, https:\/\/site.nord.no\/ellil\/wp-content\/uploads\/sites\/19\/2020\/11\/English-Teachers-Tverlandet-Primary-School-Bodo-l-r-Hakon-Ree-Tone-Brattli-Anniken-Aune-Silje-Rostad-Martine-Kongshaug-1536x947.jpg 1536w, https:\/\/site.nord.no\/ellil\/wp-content\/uploads\/sites\/19\/2020\/11\/English-Teachers-Tverlandet-Primary-School-Bodo-l-r-Hakon-Ree-Tone-Brattli-Anniken-Aune-Silje-Rostad-Martine-Kongshaug-2048x1263.jpg 2048w\" sizes=\"(max-width: 600px) 100vw, 600px\" \/><figcaption id=\"caption-attachment-381\" class=\"wp-caption-text\"><em>(left) H\u00e5kon Ree, Tone Brattli, Anniken Aune, Silje Rostad and Martine Kongshaug are English teachers at the school. (photo: Per Jarl Elle, Nord University)<\/em><\/figcaption><\/figure>\n","protected":false},"excerpt":{"rendered":"<p>Bod\u00f8, Norway: Bankgata Middle School Bankgata ungdomsskole. (photo: Tove Tj\u00f8nn\u00f8y)\u00a0 Bankgata Middle School is the oldest school in Bod\u00f8 and is situated in the city center. As such, it combines the traditional concept of spacious hallways and classrooms with modern teaching practice. The school teaches eighth through tenth grade and receives students from two different [&hellip;]<\/p>\n","protected":false},"author":75,"featured_media":0,"parent":360,"menu_order":0,"comment_status":"closed","ping_status":"closed","template":"","meta":{"site-sidebar-layout":"default","site-content-layout":"default","ast-site-content-layout":"default","site-content-style":"default","site-sidebar-style":"default","ast-global-header-display":"","ast-banner-title-visibility":"","ast-main-header-display":"","ast-hfb-above-header-display":"","ast-hfb-below-header-display":"","ast-hfb-mobile-header-display":"","site-post-title":"","ast-breadcrumbs-content":"","ast-featured-img":"","footer-sml-layout":"","ast-disable-related-posts":"","theme-transparent-header-meta":"default","adv-header-id-meta":"","stick-header-meta":"","header-above-stick-meta":"","header-main-stick-meta":"","header-below-stick-meta":"","astra-migrate-meta-layouts":"default","ast-page-background-enabled":"default","ast-page-background-meta":{"desktop":{"background-color":"","background-image":"","background-repeat":"repeat","background-position":"center center","background-size":"auto","background-attachment":"scroll","background-type":"","background-media":"","overlay-type":"","overlay-color":"","overlay-opacity":"","overlay-gradient":""},"tablet":{"background-color":"","background-image":"","background-repeat":"repeat","background-position":"center center","background-size":"auto","background-attachment":"scroll","background-type":"","background-media":"","overlay-type":"","overlay-color":"","overlay-opacity":"","overlay-gradient":""},"mobile":{"background-color":"","background-image":"","background-repeat":"repeat","background-position":"center center","background-size":"auto","background-attachment":"scroll","background-type":"","background-media":"","overlay-type":"","overlay-color":"","overlay-opacity":"","overlay-gradient":""}},"ast-content-background-meta":{"desktop":{"background-color":"var(--ast-global-color-5)","background-image":"","background-repeat":"repeat","background-position":"center center","background-size":"auto","background-attachment":"scroll","background-type":"","background-media":"","overlay-type":"","overlay-color":"","overlay-opacity":"","overlay-gradient":""},"tablet":{"background-color":"var(--ast-global-color-5)","background-image":"","background-repeat":"repeat","background-position":"center center","background-size":"auto","background-attachment":"scroll","background-type":"","background-media":"","overlay-type":"","overlay-color":"","overlay-opacity":"","overlay-gradient":""},"mobile":{"background-color":"var(--ast-global-color-5)","background-image":"","background-repeat":"repeat","background-position":"center center","background-size":"auto","background-attachment":"scroll","background-type":"","background-media":"","overlay-type":"","overlay-color":"","overlay-opacity":"","overlay-gradient":""}},"footnotes":""},"coauthors":[5],"class_list":["post-437","page","type-page","status-publish","hentry"],"jetpack_sharing_enabled":true,"_links":{"self":[{"href":"https:\/\/site.nord.no\/ellil\/wp-json\/wp\/v2\/pages\/437","targetHints":{"allow":["GET"]}}],"collection":[{"href":"https:\/\/site.nord.no\/ellil\/wp-json\/wp\/v2\/pages"}],"about":[{"href":"https:\/\/site.nord.no\/ellil\/wp-json\/wp\/v2\/types\/page"}],"author":[{"embeddable":true,"href":"https:\/\/site.nord.no\/ellil\/wp-json\/wp\/v2\/users\/75"}],"replies":[{"embeddable":true,"href":"https:\/\/site.nord.no\/ellil\/wp-json\/wp\/v2\/comments?post=437"}],"version-history":[{"count":8,"href":"https:\/\/site.nord.no\/ellil\/wp-json\/wp\/v2\/pages\/437\/revisions"}],"predecessor-version":[{"id":603,"href":"https:\/\/site.nord.no\/ellil\/wp-json\/wp\/v2\/pages\/437\/revisions\/603"}],"up":[{"embeddable":true,"href":"https:\/\/site.nord.no\/ellil\/wp-json\/wp\/v2\/pages\/360"}],"wp:attachment":[{"href":"https:\/\/site.nord.no\/ellil\/wp-json\/wp\/v2\/media?parent=437"}],"wp:term":[{"taxonomy":"author","embeddable":true,"href":"https:\/\/site.nord.no\/ellil\/wp-json\/wp\/v2\/coauthors?post=437"}],"curies":[{"name":"wp","href":"https:\/\/api.w.org\/{rel}","templated":true}]}}