{"id":291,"date":"2025-02-13T09:07:30","date_gmt":"2025-02-13T08:07:30","guid":{"rendered":"https:\/\/site.nord.no\/spk\/?page_id=291"},"modified":"2025-06-02T14:44:25","modified_gmt":"2025-06-02T12:44:25","slug":"omtale-medlem","status":"publish","type":"page","link":"https:\/\/site.nord.no\/spk\/omtale-medlem\/","title":{"rendered":"Omtale K\u00e5re Fuglseth"},"content":{"rendered":"\n<p><strong>K\u00e5re Fuglseth: Professor i studiar av profesjonspraksis<\/strong><\/p>\n\n\n\n<p><strong>Undervisning<\/strong><\/p>\n\n\n\n<p>Eg underviser i vitskapsfilosofi, studiar i profesjonspraksis og praktisk kunnskap, RLE-emna (religion, livssyn og etikk) og KRLE-faget i grunnskulen, fagdidaktikk.&nbsp;<\/p>\n\n\n\n<p><strong>Fagleg biografi<\/strong><\/p>\n\n\n\n<ul class=\"wp-block-list\">\n<li>Professor i studiar av profesjonspraksis og praktisk kunnskap i faggruppa Samfunnsfag og RLE ved FLU, Senter for praktisk kunnskap, Bod\u00f8, fr\u00e5 2020.<\/li>\n\n\n\n<li>Lektorutdanning fr\u00e5 Universitetet i Trondheim i 1987 (filosofi, fransk, kristendomskunnskap med religionsvitskap og klassiske spr\u00e5k).<\/li>\n\n\n\n<li>Vit. ass. HF-fakultetet NTNU 1990-93 p\u00e5 eit NFR\/NAVF-prosjekt om den gresk-j\u00f8diske filosofen og platonisten Filon fr\u00e5 Aleksandria.<\/li>\n\n\n\n<li>Doktorgradsstudent NTNU (1994-1998.<\/li>\n\n\n\n<li>H\u00f8gskulelektor p\u00e5 l\u00e6rarutdanninga ved H\u00f8gskulen i Volda 1998-99.<\/li>\n\n\n\n<li>Tilsett ved l\u00e6rarutdanninga i Bod\u00f8 sidan 1999.<\/li>\n\n\n\n<li>Professor i fagdidaktikk 2008.<\/li>\n\n\n\n<li>Prof. II p\u00e5 l\u00e6rarutdanninga ved H\u00f8gskulen i Tr\u00f8ndelag 2010-2012.<\/li>\n\n\n\n<li>Prodekan for forsking Profesjonsh\u00f8gskulen, Universitetet i Nordland, 2012-2106.<\/li>\n\n\n\n<li>Programansvarleg for ph.d.-programmet Studiar i profesjonspraksis ved Nord universitet 2017-18.&nbsp;<\/li>\n\n\n\n<li>Dr. art. ved Religionsvitskapleg institutt, HF-fakultetet, NTNU 2002 med ein historisk-kritisk studie om tidleg j\u00f8dedom og kristendom med religionssosiologisk blikk (Johannesevangeliet, Qumran-skriftene og tekstar av Filon fr\u00e5 Aleksandria).&nbsp;<\/li>\n\n\n\n<li>Forskingsopphald p\u00e5&nbsp;<em>\u00c9cole des hautes \u00e9tudes en science sociales<\/em>&nbsp;(Paris) og&nbsp;<em>Allgemeine Erziehungswissenschaft<\/em>(Humboldt-universitet i Berlin).<\/li>\n\n\n\n<li>2024-2027 med i senteret SITRAP, NMBU (eit SFU- senter for framifr\u00e5 utdanning).&nbsp;<\/li>\n<\/ul>\n\n\n\n<p><strong>Forsking<\/strong><\/p>\n\n\n\n<p><a href=\"https:\/\/scholar.google.com\/scholar?hl=en&amp;as_sdt=0%2C5&amp;q=K\u00e5re+Fuglseth&amp;btnG=\">Forskingspublikasjonar registrete i Google Scholar<\/a><\/p>\n\n\n\n<p>Forskingsinteressa mi er f\u00f8rst og fremst p\u00e5 profesjonar i fagomr\u00e5det praktisk kunnskap og p\u00e5 KRLE-faget i grunnskulen. Eg interesser meg innanfor profesjonsstudiar p\u00e5 forholdet mellom utdanning og ut\u00f8ving av ulike profesjonar (\u00abteori-praksis-problemet\u00bb). Det er forsking retta mot handlingsteori p\u00e5 mellomniv\u00e5et (mesoniv\u00e5) og grunnplanet (mikroniv\u00e5et) i yrkeslivet. Tiln\u00e6rminga er ofte henta fr\u00e5 fenomenologisk basert sosialteori (Alfred Sch\u00fctz).&nbsp;<\/p>\n\n\n\n<p><strong>Fem viktige publikasjonar&nbsp;<\/strong><\/p>\n\n\n\n<ol class=\"wp-block-list\">\n<li><em>Johannine Sectarianism in Perspective. A Sociological, Historical, and Comparative Analysis of Temple and Social Relationships in the Gospel of John, Philo and Qumran<\/em>&nbsp;2005, Brill Academic Publishers<\/li>\n\n\n\n<li><em>Exploring Practical Knowledge: Life-World Studies of Professionals in Education and Research<\/em>&nbsp;2023, Brill Academic Publishers: Cederberg, Carl; Fuglseth, K\u00e5re Sigvald; Zande, Edwind van<\/li>\n\n\n\n<li>Avklaring og pr\u00f8ving: Filosofisk samtale og Tren tanken som utforskende arbeidsm\u00e5ter 2022,&nbsp;<em>Prismet<\/em>: Volum 73 s. 99-115 B\u00f8rresen, Beate og Fuglseth, K\u00e5re Sigvald<\/li>\n\n\n\n<li>Blind pedagogikk? Religion og livssyn i l\u00e6rarens allmenne profesjonskompetanse. I&nbsp;<em>\u00c5 v\u00e6re l\u00e6rer i en mangfoldig skole: Kulturelt og religi\u00f8st mangfold, profesjonsverdier og verdigrunnlag&nbsp;<\/em>2018, Gyldendal Akademisk: s. 178-195<\/li>\n\n\n\n<li>Phenomenology as a proto-language in educational empirical research.&nbsp;<em>P\u00e4dagogische Erfahrung<\/em>&nbsp;2015, Springer: s. 283-298<\/li>\n<\/ol>\n\n\n\n<p>&nbsp;<\/p>\n","protected":false},"excerpt":{"rendered":"<p>K\u00e5re Fuglseth: Professor i studiar av profesjonspraksis Undervisning Eg underviser i vitskapsfilosofi, studiar i profesjonspraksis og praktisk kunnskap, RLE-emna (religion, livssyn og etikk) og KRLE-faget i grunnskulen, fagdidaktikk.&nbsp; Fagleg biografi Forsking Forskingspublikasjonar registrete i Google Scholar Forskingsinteressa mi er f\u00f8rst og fremst p\u00e5 profesjonar i fagomr\u00e5det praktisk kunnskap og p\u00e5 KRLE-faget i grunnskulen. Eg interesser [&hellip;]<\/p>\n","protected":false},"author":181,"featured_media":0,"parent":0,"menu_order":0,"comment_status":"closed","ping_status":"closed","template":"","meta":{"footnotes":""},"coauthors":[16],"class_list":["post-291","page","type-page","status-publish","hentry"],"_links":{"self":[{"href":"https:\/\/site.nord.no\/spk\/wp-json\/wp\/v2\/pages\/291","targetHints":{"allow":["GET"]}}],"collection":[{"href":"https:\/\/site.nord.no\/spk\/wp-json\/wp\/v2\/pages"}],"about":[{"href":"https:\/\/site.nord.no\/spk\/wp-json\/wp\/v2\/types\/page"}],"author":[{"embeddable":true,"href":"https:\/\/site.nord.no\/spk\/wp-json\/wp\/v2\/users\/181"}],"replies":[{"embeddable":true,"href":"https:\/\/site.nord.no\/spk\/wp-json\/wp\/v2\/comments?post=291"}],"version-history":[{"count":17,"href":"https:\/\/site.nord.no\/spk\/wp-json\/wp\/v2\/pages\/291\/revisions"}],"predecessor-version":[{"id":408,"href":"https:\/\/site.nord.no\/spk\/wp-json\/wp\/v2\/pages\/291\/revisions\/408"}],"wp:attachment":[{"href":"https:\/\/site.nord.no\/spk\/wp-json\/wp\/v2\/media?parent=291"}],"wp:term":[{"taxonomy":"author","embeddable":true,"href":"https:\/\/site.nord.no\/spk\/wp-json\/wp\/v2\/coauthors?post=291"}],"curies":[{"name":"wp","href":"https:\/\/api.w.org\/{rel}","templated":true}]}}