{"id":309,"date":"2025-02-13T10:07:57","date_gmt":"2025-02-13T09:07:57","guid":{"rendered":"https:\/\/site.nord.no\/spk\/?page_id=309"},"modified":"2025-02-19T14:06:14","modified_gmt":"2025-02-19T13:06:14","slug":"omtale-jon-anders-lindstrom","status":"publish","type":"page","link":"https:\/\/site.nord.no\/spk\/omtale-jon-anders-lindstrom\/","title":{"rendered":"Omtale Jon Anders Lindstr\u00f8m"},"content":{"rendered":"\n<p><strong>Jon Anders Lindstr\u00f8m: F\u00f8rsteamanuensis i filosofi&nbsp;<\/strong>&nbsp;<\/p>\n\n\n\n<p><strong>Undervisning<\/strong>&nbsp;<\/p>\n\n\n\n<p>De siste \u00e5rene har jeg undervist p\u00e5 master i praktisk kunnskap, samt i profesjonsetikk p\u00e5 ulike emner i grunnskole- og barnel\u00e6rerutdanningene.&nbsp;&nbsp;<\/p>\n\n\n\n<p><strong>Faglig biografi<\/strong>&nbsp;<\/p>\n\n\n\n<ul class=\"wp-block-list\">\n<li>F\u00f8rsteamanuensis i filosofi ved Nord universitet, siden 2019\u00a0<\/li>\n\n\n\n<li>Studieleder EVU Nesna ved Nord universitet, 2016-2019\u00a0<\/li>\n\n\n\n<li>Fungerende instituttleder ved Institutt for l\u00e6rerutdanning, H\u00f8gskolen i Nesna, 2014-2015\u00a0<\/li>\n\n\n\n<li>Assisterende instituttleder ved Institutt for l\u00e6rerutdanning, H\u00f8gskolen i Nesna, 2014-2015\u00a0<\/li>\n\n\n\n<li>Fagkyndig i etikk i Regional komite for medisinsk og helsefaglig forskningsetikk, 2009-2017\u00a0<\/li>\n\n\n\n<li>Stipendiat ved Etikkprogrammet og IFIKK ved Universitetet i Oslo, 2005-2009\u00a0<\/li>\n<\/ul>\n\n\n\n<p><strong>Forskning&nbsp;<\/strong>&nbsp;<\/p>\n\n\n\n<p>Min hovedoppgave og doktorgradsavhandling var innenfor medisinens og psykiatriens filosofi. Jeg har v\u00e6rt opptatt av medisinsk etikk, s\u00e6rlig medikalisering av avvik. Andre temaer jeg har forsket p\u00e5 de siste ti \u00e5rene er antisemittisme, ekstremisme og radikalisering. I den aller siste tiden, har jeg jobbet mest med pandemih\u00e5ndteringen, konspirasjonsteorier og romlig planlegging. P\u00e5 en eller annen m\u00e5te kan alle disse temaene sies \u00e5 v\u00e6re relevante innenfor ulike profesjonsutdanninger.&nbsp;&nbsp;<\/p>\n\n\n\n<p><strong>Sentrale publikasjoner&nbsp;<\/strong>&nbsp;<\/p>\n\n\n\n<ul class=\"wp-block-list\">\n<li>Lindstr\u00f8m, J.A. (2012) \u201cMedico-ethical vs. Biological Evaluationism, and the Concept of Disease\u201d.\u00a0<em>Medicine, Health Care and Philosophy<\/em>, Volume 15, Issue 2 (2012), s. 165-173.\u00a0<a href=\"https:\/\/doi.org\/10.1007\/s11019-011-9341-0\" target=\"_blank\" rel=\"noreferrer noopener\">https:\/\/doi.org\/10.1007\/s11019-011-9341-0<\/a>\u00a0\u00a0<\/li>\n\n\n\n<li>Lindstr\u00f8m, J.A. (2012) \u201cWhy ADHD Is Not a True Medical Syndrome\u201d.\u00a0<em>Ethical Human Psychology and Psychiatry<\/em>, Issue 14(1), s. 61-73.\u00a0<a href=\"http:\/\/dx.doi.org\/10.1891\/1559-4343.14.1.61\" target=\"_blank\" rel=\"noreferrer noopener\">http:\/\/dx.doi.org\/10.1891\/1559-4343.14.1.61<\/a>\u00a0\u00a0<\/li>\n\n\n\n<li>Lindstr\u00f8m, J.A. (2020) \u201cOm anti-antisemittisme\u201d.\u00a0<em>Nordidactica \u2013 Journal of Humanities and Social Science Education<\/em>, nr. 2-2020, s. 1-25.\u00a0<a href=\"https:\/\/journals.lub.lu.se\/nordidactica\/article\/view\/21944\" target=\"_blank\" rel=\"noreferrer noopener\">https:\/\/journals.lub.lu.se\/nordidactica\/article\/view\/21944<\/a>\u00a0\u00a0\u00a0\u00a0<\/li>\n<\/ul>\n","protected":false},"excerpt":{"rendered":"<p>Jon Anders Lindstr\u00f8m: F\u00f8rsteamanuensis i filosofi&nbsp;&nbsp; Undervisning&nbsp; De siste \u00e5rene har jeg undervist p\u00e5 master i praktisk kunnskap, samt i profesjonsetikk p\u00e5 ulike emner i grunnskole- og barnel\u00e6rerutdanningene.&nbsp;&nbsp; Faglig biografi&nbsp; Forskning&nbsp;&nbsp; Min hovedoppgave og doktorgradsavhandling var innenfor medisinens og psykiatriens filosofi. Jeg har v\u00e6rt opptatt av medisinsk etikk, s\u00e6rlig medikalisering av avvik. Andre temaer jeg [&hellip;]<\/p>\n","protected":false},"author":181,"featured_media":0,"parent":0,"menu_order":0,"comment_status":"closed","ping_status":"closed","template":"","meta":{"footnotes":""},"coauthors":[16],"class_list":["post-309","page","type-page","status-publish","hentry"],"_links":{"self":[{"href":"https:\/\/site.nord.no\/spk\/wp-json\/wp\/v2\/pages\/309","targetHints":{"allow":["GET"]}}],"collection":[{"href":"https:\/\/site.nord.no\/spk\/wp-json\/wp\/v2\/pages"}],"about":[{"href":"https:\/\/site.nord.no\/spk\/wp-json\/wp\/v2\/types\/page"}],"author":[{"embeddable":true,"href":"https:\/\/site.nord.no\/spk\/wp-json\/wp\/v2\/users\/181"}],"replies":[{"embeddable":true,"href":"https:\/\/site.nord.no\/spk\/wp-json\/wp\/v2\/comments?post=309"}],"version-history":[{"count":3,"href":"https:\/\/site.nord.no\/spk\/wp-json\/wp\/v2\/pages\/309\/revisions"}],"predecessor-version":[{"id":379,"href":"https:\/\/site.nord.no\/spk\/wp-json\/wp\/v2\/pages\/309\/revisions\/379"}],"wp:attachment":[{"href":"https:\/\/site.nord.no\/spk\/wp-json\/wp\/v2\/media?parent=309"}],"wp:term":[{"taxonomy":"author","embeddable":true,"href":"https:\/\/site.nord.no\/spk\/wp-json\/wp\/v2\/coauthors?post=309"}],"curies":[{"name":"wp","href":"https:\/\/api.w.org\/{rel}","templated":true}]}}